{"id":2237,"date":"2022-08-30T22:35:58","date_gmt":"2022-08-30T20:35:58","guid":{"rendered":"https:\/\/www.appartement-katharina.at\/events\/"},"modified":"2022-08-31T05:46:11","modified_gmt":"2022-08-31T03:46:11","slug":"events","status":"publish","type":"page","link":"https:\/\/www.appartement-katharina.at\/en\/house\/events\/","title":{"rendered":"Events"},"content":{"rendered":"\n<h1 class=\"wp-block-heading\">EVENTS<\/h1>\n\n<p>Whether the Zeller Seefest with the Seezauber, the castle festival in Kaprun, the Bauernherbst with the cheese and dumpling festival or one of the numerous other cultural events, you can find out everything about the current events in Zell am See &#8211; Kaprun here.<\/p>\n\n<p>The region has a lot to offer not only culturally, but also in terms of sports. The Ironman 70.3, the Austrian Freeski Open, the Ski &amp; Golf World Championships as well as the X OVER RIDE as Freeride Worldtour Qualifier are just a few of the extensive range of sporting events.<\/p>\n<ul class=\"has-dates has-excerpts wp-block-rss\"><li class='wp-block-rss__item'><div class='wp-block-rss__item-title'><a href='https:\/\/www.zellamsee-kaprun.com\/de\/redirect\/feratel\/d08601bf-471a-4db7-9351-acfb4507ba88'>Gletscher Fr\u00fchlingsfest &#8211; 02.05.2026, ab 08:15 Uhr<\/a><\/div><time datetime=\"2026-04-15T01:19:25+02:00\" class=\"wp-block-rss__item-publish-date\">15. April 2026<\/time> <div class=\"wp-block-rss__item-excerpt\">Wenn der Fr\u00fchling vom Tal langsam auf \u00fcber 2.000 Meter wandert, begr\u00fc\u00dft das Kitzsteinhorn ihn geb\u00fchrend \u2013 mit feinstem Firn auf weiten Gletscherh\u00e4ngen, gratis Skitest und kulinarischen Highlights bei stimmungsvollen Sounds. Der ideale Rahmen also, um eine gelungene Wintersaison am Kitzsteinhorn zu verabschieden und den Gletscherfr\u00fchling mit Sonnenskilauf bis 25. Mai einzustimmen. Alle Saisonkarten g\u00fcltig bis 3. Mai AUF EINEN BLICK\u00a0 2. Mai 2026 08:15\u201316:30 Uhr Gratis Skitest vieler Top-Marken Live-Musik von B\u00c4\u00c4M&amp;Brass Glacier Spring Cup<\/div><\/li><li class='wp-block-rss__item'><div class='wp-block-rss__item-title'><a href='https:\/\/www.zellamsee-kaprun.com\/de\/redirect\/feratel\/b26eaef8-835f-4010-aadb-ed063512bb32'>Abendrundfahrt am Zeller See &#8211; 20.07.2026, ab 18:30 Uhr<\/a><\/div><time datetime=\"2026-04-09T01:21:16+02:00\" class=\"wp-block-rss__item-publish-date\">9. April 2026<\/time> <div class=\"wp-block-rss__item-excerpt\">Lass den Tag entspannt am Schiff ausklingen und genie\u00dfe\u00a0den Sonnenuntergang am Freideck der MS Schmittenh\u00f6he.<\/div><\/li><li class='wp-block-rss__item'><div class='wp-block-rss__item-title'><a href='https:\/\/www.zellamsee-kaprun.com\/de\/redirect\/feratel\/b26eaef8-835f-4010-aadb-ed063512bb32'>Abendrundfahrt am Zeller See &#8211; 27.07.2026, ab 18:30 Uhr<\/a><\/div><time datetime=\"2026-04-09T01:21:16+02:00\" class=\"wp-block-rss__item-publish-date\">9. April 2026<\/time> <div class=\"wp-block-rss__item-excerpt\">Lass den Tag entspannt am Schiff ausklingen und genie\u00dfe\u00a0den Sonnenuntergang am Freideck der MS Schmittenh\u00f6he.<\/div><\/li><li class='wp-block-rss__item'><div class='wp-block-rss__item-title'><a href='https:\/\/www.zellamsee-kaprun.com\/de\/redirect\/feratel\/b26eaef8-835f-4010-aadb-ed063512bb32'>Abendrundfahrt am Zeller See &#8211; 03.08.2026, ab 18:30 Uhr<\/a><\/div><time datetime=\"2026-04-09T01:21:16+02:00\" class=\"wp-block-rss__item-publish-date\">9. April 2026<\/time> <div class=\"wp-block-rss__item-excerpt\">Lass den Tag entspannt am Schiff ausklingen und genie\u00dfe\u00a0den Sonnenuntergang am Freideck der MS Schmittenh\u00f6he.<\/div><\/li><li class='wp-block-rss__item'><div class='wp-block-rss__item-title'><a href='https:\/\/www.zellamsee-kaprun.com\/de\/redirect\/feratel\/b26eaef8-835f-4010-aadb-ed063512bb32'>Abendrundfahrt am Zeller See &#8211; 10.08.2026, ab 18:30 Uhr<\/a><\/div><time datetime=\"2026-04-09T01:21:16+02:00\" class=\"wp-block-rss__item-publish-date\">9. April 2026<\/time> <div class=\"wp-block-rss__item-excerpt\">Lass den Tag entspannt am Schiff ausklingen und genie\u00dfe\u00a0den Sonnenuntergang am Freideck der MS Schmittenh\u00f6he.<\/div><\/li><li class='wp-block-rss__item'><div class='wp-block-rss__item-title'><a href='https:\/\/www.zellamsee-kaprun.com\/de\/redirect\/feratel\/b26eaef8-835f-4010-aadb-ed063512bb32'>Abendrundfahrt am Zeller See &#8211; 17.08.2026, ab 18:30 Uhr<\/a><\/div><time datetime=\"2026-04-09T01:21:16+02:00\" class=\"wp-block-rss__item-publish-date\">9. April 2026<\/time> <div class=\"wp-block-rss__item-excerpt\">Lass den Tag entspannt am Schiff ausklingen und genie\u00dfe\u00a0den Sonnenuntergang am Freideck der MS Schmittenh\u00f6he.<\/div><\/li><li class='wp-block-rss__item'><div class='wp-block-rss__item-title'><a href='https:\/\/www.zellamsee-kaprun.com\/de\/redirect\/feratel\/b26eaef8-835f-4010-aadb-ed063512bb32'>Abendrundfahrt am Zeller See &#8211; 24.08.2026, ab 18:30 Uhr<\/a><\/div><time datetime=\"2026-04-09T01:21:16+02:00\" class=\"wp-block-rss__item-publish-date\">9. April 2026<\/time> <div class=\"wp-block-rss__item-excerpt\">Lass den Tag entspannt am Schiff ausklingen und genie\u00dfe\u00a0den Sonnenuntergang am Freideck der MS Schmittenh\u00f6he.<\/div><\/li><li class='wp-block-rss__item'><div class='wp-block-rss__item-title'><a href='https:\/\/www.zellamsee-kaprun.com\/de\/redirect\/feratel\/b26eaef8-835f-4010-aadb-ed063512bb32'>Abendrundfahrt am Zeller See &#8211; 13.07.2026, ab 18:30 Uhr<\/a><\/div><time datetime=\"2026-04-09T01:21:16+02:00\" class=\"wp-block-rss__item-publish-date\">9. April 2026<\/time> <div class=\"wp-block-rss__item-excerpt\">Lass den Tag entspannt am Schiff ausklingen und genie\u00dfe\u00a0den Sonnenuntergang am Freideck der MS Schmittenh\u00f6he.<\/div><\/li><li class='wp-block-rss__item'><div class='wp-block-rss__item-title'><a href='https:\/\/www.zellamsee-kaprun.com\/de\/redirect\/feratel\/b1f174d0-5191-433f-9e12-c61c3f6cbe44'>Red Bulls Salute Halbfinale 1 | Eishockeyspiel &#8211; 21.08.2026, ab 16:00 Uhr<\/a><\/div><time datetime=\"2026-03-11T13:02:40+01:00\" class=\"wp-block-rss__item-publish-date\">11. March 2026<\/time> <div class=\"wp-block-rss__item-excerpt\">Erlebe Eishockey hautnah- beim Red Bulls Salute!<\/div><\/li><li class='wp-block-rss__item'><div class='wp-block-rss__item-title'><a href='https:\/\/www.zellamsee-kaprun.com\/de\/redirect\/feratel\/4b4a8055-4ced-4ed0-b793-b8436e7f9bbd'>Red Bulls Salute Finale | Eishockeyspiel &#8211; 22.08.2026, ab 19:00 Uhr<\/a><\/div><time datetime=\"2026-03-11T13:02:08+01:00\" class=\"wp-block-rss__item-publish-date\">11. March 2026<\/time> <div class=\"wp-block-rss__item-excerpt\">Am 21. und 22. August treffen die vier europ\u00e4ischen Top-Teams aus vier verschiedenen Ligen in der KE Kelit Arena in Zell am See aufeinander. Die Heimst\u00e4tte der EK Die Zeller Eisb\u00e4ren bietet Platz f\u00fcr bis zu 2.600 Zuschauer. In diesem Jahr warten mit dem EHC Biel-Bienne und dem HC Dynamo Pardubice zwei neue Teams auf M\u00fcnchen und Salzburg. Spiele im \u00dcberblick 21. August: Halbfinale 1 | EHC Biel \u2013 HC Dynamo Pardubice | 16:00 Uhr Halbfinale 2 | EHC Red Bull M\u00fcnchen \u2013 EC Red Bull Salzburg | 19:30 Uhr 22. August: Kleines Finale | Verlierer HF 1 &#8211; Verlierer [&hellip;]<\/div><\/li><li class='wp-block-rss__item'><div class='wp-block-rss__item-title'><a href='https:\/\/www.zellamsee-kaprun.com\/de\/redirect\/feratel\/a25b0d0d-c2b3-4be0-be53-3d56fbaa47c2'>Red Bulls Salute Halbfinale 2 | Eishockeyspiel &#8211; 21.08.2026, ab 19:30 Uhr<\/a><\/div><time datetime=\"2026-03-11T12:59:11+01:00\" class=\"wp-block-rss__item-publish-date\">11. March 2026<\/time> <div class=\"wp-block-rss__item-excerpt\">Am 21. und 22. August treffen die vier europ\u00e4ischen Top-Teams aus vier verschiedenen Ligen in der KE Kelit Arena in Zell am See aufeinander. Die Heimst\u00e4tte der EK Die Zeller Eisb\u00e4ren bietet Platz f\u00fcr bis zu 2.600 Zuschauer. In diesem Jahr warten mit dem EHC Biel-Bienne und dem HC Dynamo Pardubice zwei neue Teams auf M\u00fcnchen und Salzburg. Das Halbfinale steht bereits fest: 21. August:Halbfinale 1 | EHC Biel \u2013 HC Dynamo Pardubice | 16:00 Uhr Halbfinale 2 | EHC Red Bull M\u00fcnchen \u2013 EC Red Bull Salzburg | 19:30 Uhr 22. August: Kleines Finale | Verlierer HF 1 &#8211; [&hellip;]<\/div><\/li><li class='wp-block-rss__item'><div class='wp-block-rss__item-title'><a href='https:\/\/www.zellamsee-kaprun.com\/de\/redirect\/feratel\/f3aa643c-8811-439e-bd2b-342c425d4c02'>Red Bulls Salute kleines Finale | Eishockeyspiel &#8211; 22.08.2026, ab 15:00 Uhr<\/a><\/div><time datetime=\"2026-03-11T12:58:55+01:00\" class=\"wp-block-rss__item-publish-date\">11. March 2026<\/time> <div class=\"wp-block-rss__item-excerpt\">Erlebe Eishockey hautnah &#8211; beim Red Bulls Salute!<\/div><\/li><li class='wp-block-rss__item'><div class='wp-block-rss__item-title'><a href='https:\/\/www.zellamsee-kaprun.com\/de\/redirect\/feratel\/f420fb97-33a9-44f4-9f6b-28924363af2a'>2. Zeller Seefest &#8211; 01.08.2026, ab 10:00 Uhr<\/a><\/div><time datetime=\"2026-03-03T02:16:01+01:00\" class=\"wp-block-rss__item-publish-date\">3. March 2026<\/time> <div class=\"wp-block-rss__item-excerpt\">Zeller Seefeste: Die Events zur F\u00f6rderung der Sportjugend. Es geh\u00f6rt zur Region wie der Zeller See selbst: Die beiden Seefeste ziehen jedes Jahr aufs Neue ein gro\u00dfes, internationales Publikum an. Mit Musik, Feuerwerk und einem herrlichen Ambiente vereint das Fest gleich mehrere Facetten, die es wert sind, entlang der Uferpromenade zu verweilen. Gerade wenn es Nacht wird, sich der Himmel verdunkelt und das Feuerwerk die Region in ein Farbenmeer verwandelt, wird es sehr malerisch. Ein buntes Rahmenprogramm begeistert Alt und Jung.<\/div><\/li><li class='wp-block-rss__item'><div class='wp-block-rss__item-title'><a href='https:\/\/www.zellamsee-kaprun.com\/de\/redirect\/feratel\/0d38f435-d933-48eb-b7de-cb7d7e3ca040'>Pfarradvent am Kirchbichl &#8211; 13.12.2026, ab 14:00 Uhr<\/a><\/div><time datetime=\"2026-01-15T02:21:19+01:00\" class=\"wp-block-rss__item-publish-date\">15. January 2026<\/time> <div class=\"wp-block-rss__item-excerpt\">Genie\u00dfe den Adventmarkt am Kirchbichl.<\/div><\/li><li class='wp-block-rss__item'><div class='wp-block-rss__item-title'><a href='https:\/\/www.zellamsee-kaprun.com\/de\/redirect\/feratel\/0d38f435-d933-48eb-b7de-cb7d7e3ca040'>Pfarradvent am Kirchbichl &#8211; 28.11.2026, ab 14:00 Uhr<\/a><\/div><time datetime=\"2026-01-15T02:21:19+01:00\" class=\"wp-block-rss__item-publish-date\">15. January 2026<\/time> <div class=\"wp-block-rss__item-excerpt\">Genie\u00dfe den Adventmarkt am Kirchbichl.<\/div><\/li><li class='wp-block-rss__item'><div class='wp-block-rss__item-title'><a href='https:\/\/www.zellamsee-kaprun.com\/de\/redirect\/feratel\/0d38f435-d933-48eb-b7de-cb7d7e3ca040'>Pfarradvent am Kirchbichl &#8211; 29.11.2026, ab 14:00 Uhr<\/a><\/div><time datetime=\"2026-01-15T02:21:19+01:00\" class=\"wp-block-rss__item-publish-date\">15. January 2026<\/time> <div class=\"wp-block-rss__item-excerpt\">Genie\u00dfe den Adventmarkt am Kirchbichl.<\/div><\/li><li class='wp-block-rss__item'><div class='wp-block-rss__item-title'><a href='https:\/\/www.zellamsee-kaprun.com\/de\/redirect\/feratel\/0d38f435-d933-48eb-b7de-cb7d7e3ca040'>Pfarradvent am Kirchbichl &#8211; 12.12.2026, ab 14:00 Uhr<\/a><\/div><time datetime=\"2026-01-15T02:21:19+01:00\" class=\"wp-block-rss__item-publish-date\">15. January 2026<\/time> <div class=\"wp-block-rss__item-excerpt\">Genie\u00dfe den Adventmarkt am Kirchbichl.<\/div><\/li><li class='wp-block-rss__item'><div class='wp-block-rss__item-title'><a href='https:\/\/www.zellamsee-kaprun.com\/de\/redirect\/feratel\/e95ab957-a20f-422b-bb4c-a06d575130e1'>Klammlichter &#8211; 28.08.2026, ab 20:00 Uhr<\/a><\/div><time datetime=\"2026-01-15T02:20:01+01:00\" class=\"wp-block-rss__item-publish-date\">15. January 2026<\/time> <div class=\"wp-block-rss__item-excerpt\">Wandere durch die magisch beleuchtete Klamm!<\/div><\/li><li class='wp-block-rss__item'><div class='wp-block-rss__item-title'><a href='https:\/\/www.zellamsee-kaprun.com\/de\/redirect\/feratel\/e95ab957-a20f-422b-bb4c-a06d575130e1'>Klammlichter &#8211; 24.07.2026, ab 21:00 Uhr<\/a><\/div><time datetime=\"2026-01-15T02:20:01+01:00\" class=\"wp-block-rss__item-publish-date\">15. January 2026<\/time> <div class=\"wp-block-rss__item-excerpt\">Wandere durch die magisch beleuchtete Klamm!<\/div><\/li><li class='wp-block-rss__item'><div class='wp-block-rss__item-title'><a href='https:\/\/www.zellamsee-kaprun.com\/de\/redirect\/feratel\/e95ab957-a20f-422b-bb4c-a06d575130e1'>Klammlichter &#8211; 31.07.2026, ab 21:00 Uhr<\/a><\/div><time datetime=\"2026-01-15T02:20:01+01:00\" class=\"wp-block-rss__item-publish-date\">15. January 2026<\/time> <div class=\"wp-block-rss__item-excerpt\">Wandere durch die magisch beleuchtete Klamm!<\/div><\/li><\/ul>","protected":false},"excerpt":{"rendered":"<p>EVENTS Whether the Zeller Seefest with the Seezauber, the castle festival in Kaprun, the Bauernherbst with the cheese and dumpling festival or one of the numerous other cultural events, you can find out everything about the current events in Zell am See &#8211; Kaprun here. The region has a lot to offer not only culturally, [&hellip;]<\/p>\n","protected":false},"author":4,"featured_media":1382,"parent":2240,"menu_order":6,"comment_status":"closed","ping_status":"closed","template":"","meta":{"_acf_changed":false,"powered_cache_disable_cache":false,"powered_cache_disable_lazyload":false,"powered_cache_disable_css_optimization":false,"footnotes":""},"class_list":["post-2237","page","type-page","status-publish","has-post-thumbnail","hentry"],"acf":[],"_links":{"self":[{"href":"https:\/\/www.appartement-katharina.at\/en\/wp-json\/wp\/v2\/pages\/2237","targetHints":{"allow":["GET"]}}],"collection":[{"href":"https:\/\/www.appartement-katharina.at\/en\/wp-json\/wp\/v2\/pages"}],"about":[{"href":"https:\/\/www.appartement-katharina.at\/en\/wp-json\/wp\/v2\/types\/page"}],"author":[{"embeddable":true,"href":"https:\/\/www.appartement-katharina.at\/en\/wp-json\/wp\/v2\/users\/4"}],"replies":[{"embeddable":true,"href":"https:\/\/www.appartement-katharina.at\/en\/wp-json\/wp\/v2\/comments?post=2237"}],"version-history":[{"count":0,"href":"https:\/\/www.appartement-katharina.at\/en\/wp-json\/wp\/v2\/pages\/2237\/revisions"}],"up":[{"embeddable":true,"href":"https:\/\/www.appartement-katharina.at\/en\/wp-json\/wp\/v2\/pages\/2240"}],"wp:featuredmedia":[{"embeddable":true,"href":"https:\/\/www.appartement-katharina.at\/en\/wp-json\/wp\/v2\/media\/1382"}],"wp:attachment":[{"href":"https:\/\/www.appartement-katharina.at\/en\/wp-json\/wp\/v2\/media?parent=2237"}],"curies":[{"name":"wp","href":"https:\/\/api.w.org\/{rel}","templated":true}]}}